{"id":18075,"date":"2025-06-06T15:56:34","date_gmt":"2025-06-06T18:56:34","guid":{"rendered":"https:\/\/uolhost.uol.com.br\/blog\/?page_id=18075"},"modified":"2026-03-09T10:32:57","modified_gmt":"2026-03-09T13:32:57","slug":"metas","status":"publish","type":"page","link":"https:\/\/uolhost.uol.com.br\/blog\/metas\/","title":{"rendered":"Metas"},"content":{"rendered":"<section class=\"gutentor-post-module section-g-151erb4 gutentor-post-module-p1 gutentor_p1_template1 wp-block-gutentor-p1 g-equal-height  gutentor-enabled-width gutentor-blog-grid\" id=\"g-151erb4\" data-gbid=\"g-151erb4\" >\n<div class='grid-container  gutentor-rm-ct-space-d'><div class='grid-row' ><article class='gutentor-post  grid-md-4 grid-sm-4 grid-xs-12  text-align-left-desktop  gutentor-rm-col-space-d'><div class='gutentor-post-item'><div class='gutentor-post-image-box'><a class=\"gutentor-post-image-link \" href=\"https:\/\/uolhost.uol.com.br\/blog\/dia-do-consumidor\/\"  rel=&quot;noopener noreferrer&quot;><div class=\"gutentor-image-thumb\"><img loading=\"lazy\" decoding=\"async\" width=\"1200\" height=\"800\" src=\"https:\/\/uolhost.uol.com.br\/blog\/wp-content\/uploads\/2026\/03\/dia-consumidor.jpg?wsr\" class=\"attachment-full size-full wp-post-image\" alt=\"Pessoa colocando um produto em uma caixa de envio com embalagem cuidadosa, representando vendas e entregas no Dia do Consumidor.\" srcset=\"https:\/\/uolhost.uol.com.br\/blog\/wp-content\/uploads\/2026\/03\/dia-consumidor.jpg 1200w, https:\/\/uolhost.uol.com.br\/blog\/wp-content\/uploads\/2026\/03\/dia-consumidor-300x200.jpg 300w, https:\/\/uolhost.uol.com.br\/blog\/wp-content\/uploads\/2026\/03\/dia-consumidor-1024x683.jpg 1024w, https:\/\/uolhost.uol.com.br\/blog\/wp-content\/uploads\/2026\/03\/dia-consumidor-768x512.jpg 768w, https:\/\/uolhost.uol.com.br\/blog\/wp-content\/uploads\/2026\/03\/dia-consumidor-150x100.jpg 150w\" sizes=\"auto, (max-width: 1200px) 100vw, 1200px\" \/><\/div><\/a><\/div><div class=\"gutentor-post-title-data-wrap\"><h2 class=\"gutentor-post-title\"><a href=\"https:\/\/uolhost.uol.com.br\/blog\/dia-do-consumidor\/\" rel=\"bookmark\">Dia do Consumidor: quando \u00e9, origem da data e como preparar sua loja virtual<\/a><\/h2><\/div><div class=\"gutentor-entry-meta gutentor-entry-meta-primary\"><div class=\"posted-on\"><i class=\"far fa-calendar-alt\"><\/i><a href=\"https:\/\/uolhost.uol.com.br\/blog\/dia-do-consumidor\/\" rel=\"bookmark\">09.03.2026<\/a><\/div><\/div><div class=\"gutentor-post-desc\">O dia do consumidor \u00e9 uma data dedicada a reconhecer os direitos dos clientes e estimular&hellip;<\/div><div class=\"gutentor-button-wrap\"><a class=\"gutentor-button gutentor-post-button\"  href=\"https:\/\/uolhost.uol.com.br\/blog\/dia-do-consumidor\/\" href=\"https:\/\/uolhost.uol.com.br\/blog\/dia-do-consumidor\/\"><span>Leia Mais<\/span><\/a><\/div><\/div><\/article><article class='gutentor-post  grid-md-4 grid-sm-4 grid-xs-12  text-align-left-desktop  gutentor-rm-col-space-d'><div class='gutentor-post-item'><div class='gutentor-post-image-box'><a class=\"gutentor-post-image-link \" href=\"https:\/\/uolhost.uol.com.br\/blog\/como-aumentar-taxa-conversao-vendas\/\"  rel=&quot;noopener noreferrer&quot;><div class=\"gutentor-image-thumb\"><img loading=\"lazy\" decoding=\"async\" width=\"1280\" height=\"853\" src=\"https:\/\/uolhost.uol.com.br\/blog\/wp-content\/uploads\/2020\/04\/como-aumentar-taxa-conversao-vendas.jpg?wsr\" class=\"attachment-full size-full wp-post-image\" alt=\"Imagem de uma pessoa mexendo em um notebook, na tela mostra um gr\u00e1fico de dados\" srcset=\"https:\/\/uolhost.uol.com.br\/blog\/wp-content\/uploads\/2020\/04\/como-aumentar-taxa-conversao-vendas.jpg 1280w, https:\/\/uolhost.uol.com.br\/blog\/wp-content\/uploads\/2020\/04\/como-aumentar-taxa-conversao-vendas-300x200.jpg 300w, https:\/\/uolhost.uol.com.br\/blog\/wp-content\/uploads\/2020\/04\/como-aumentar-taxa-conversao-vendas-1024x682.jpg 1024w, https:\/\/uolhost.uol.com.br\/blog\/wp-content\/uploads\/2020\/04\/como-aumentar-taxa-conversao-vendas-768x512.jpg 768w, https:\/\/uolhost.uol.com.br\/blog\/wp-content\/uploads\/2020\/04\/como-aumentar-taxa-conversao-vendas-150x100.jpg 150w\" sizes=\"auto, (max-width: 1280px) 100vw, 1280px\" \/><\/div><\/a><\/div><div class=\"gutentor-post-title-data-wrap\"><h2 class=\"gutentor-post-title\"><a href=\"https:\/\/uolhost.uol.com.br\/blog\/como-aumentar-taxa-conversao-vendas\/\" rel=\"bookmark\">Como aumentar a taxa de convers\u00e3o de vendas na loja virtual<\/a><\/h2><\/div><div class=\"gutentor-entry-meta gutentor-entry-meta-primary\"><div class=\"posted-on\"><i class=\"far fa-calendar-alt\"><\/i><a href=\"https:\/\/uolhost.uol.com.br\/blog\/como-aumentar-taxa-conversao-vendas\/\" rel=\"bookmark\">18.12.2025<\/a><\/div><\/div><div class=\"gutentor-post-desc\">Entender como aumentar a taxa de convers\u00e3o de vendas \u00e9 essencial para transformar visitantes em clientes.&hellip;<\/div><div class=\"gutentor-button-wrap\"><a class=\"gutentor-button gutentor-post-button\"  href=\"https:\/\/uolhost.uol.com.br\/blog\/como-aumentar-taxa-conversao-vendas\/\" href=\"https:\/\/uolhost.uol.com.br\/blog\/como-aumentar-taxa-conversao-vendas\/\"><span>Leia Mais<\/span><\/a><\/div><\/div><\/article><article class='gutentor-post  grid-md-4 grid-sm-4 grid-xs-12  text-align-left-desktop  gutentor-rm-col-space-d'><div class='gutentor-post-item'><div class='gutentor-post-image-box'><a class=\"gutentor-post-image-link \" href=\"https:\/\/uolhost.uol.com.br\/blog\/como-aumentar-ticket-medio\/\"  rel=&quot;noopener noreferrer&quot;><div class=\"gutentor-image-thumb\"><img loading=\"lazy\" decoding=\"async\" width=\"1279\" height=\"853\" src=\"https:\/\/uolhost.uol.com.br\/blog\/wp-content\/uploads\/2020\/04\/como-aumentar-ticket-medio.jpg?wsr\" class=\"attachment-full size-full wp-post-image\" alt=\"Imagem mostra um quadro brando com um gr\u00e1fico desenhado mostrando crescimento de lucro\" srcset=\"https:\/\/uolhost.uol.com.br\/blog\/wp-content\/uploads\/2020\/04\/como-aumentar-ticket-medio.jpg 1279w, https:\/\/uolhost.uol.com.br\/blog\/wp-content\/uploads\/2020\/04\/como-aumentar-ticket-medio-300x200.jpg 300w, https:\/\/uolhost.uol.com.br\/blog\/wp-content\/uploads\/2020\/04\/como-aumentar-ticket-medio-1024x683.jpg 1024w, https:\/\/uolhost.uol.com.br\/blog\/wp-content\/uploads\/2020\/04\/como-aumentar-ticket-medio-768x512.jpg 768w, https:\/\/uolhost.uol.com.br\/blog\/wp-content\/uploads\/2020\/04\/como-aumentar-ticket-medio-150x100.jpg 150w\" sizes=\"auto, (max-width: 1279px) 100vw, 1279px\" \/><\/div><\/a><\/div><div class=\"gutentor-post-title-data-wrap\"><h2 class=\"gutentor-post-title\"><a href=\"https:\/\/uolhost.uol.com.br\/blog\/como-aumentar-ticket-medio\/\" rel=\"bookmark\">Como aumentar o ticket m\u00e9dio do seu neg\u00f3cio<\/a><\/h2><\/div><div class=\"gutentor-entry-meta gutentor-entry-meta-primary\"><div class=\"posted-on\"><i class=\"far fa-calendar-alt\"><\/i><a href=\"https:\/\/uolhost.uol.com.br\/blog\/como-aumentar-ticket-medio\/\" rel=\"bookmark\">16.12.2025<\/a><\/div><\/div><div class=\"gutentor-post-desc\">Descubra como aumentar o ticket m\u00e9dio do seu neg\u00f3cio, aplicando estrat\u00e9gias de upselling, cross-selling, promo\u00e7\u00f5es e&hellip;<\/div><div class=\"gutentor-button-wrap\"><a class=\"gutentor-button gutentor-post-button\"  href=\"https:\/\/uolhost.uol.com.br\/blog\/como-aumentar-ticket-medio\/\" href=\"https:\/\/uolhost.uol.com.br\/blog\/como-aumentar-ticket-medio\/\"><span>Leia Mais<\/span><\/a><\/div><\/div><\/article><\/div><\/div><\/section>","protected":false},"excerpt":{"rendered":"","protected":false},"author":1,"featured_media":0,"parent":0,"menu_order":0,"comment_status":"closed","ping_status":"closed","template":"","meta":{"footnotes":""},"class_list":["post-18075","page","type-page","status-publish","hentry"],"yoast_head":"<!-- This site is optimized with the Yoast SEO plugin v26.4 - https:\/\/yoast.com\/wordpress\/plugins\/seo\/ -->\n<title>Metas - Jornada do Empreendedor<\/title>\n<meta name=\"robots\" content=\"index, follow, max-snippet:-1, max-image-preview:large, max-video-preview:-1\" \/>\n<link rel=\"canonical\" href=\"https:\/\/uolhost.uol.com.br\/blog\/metas\/\" \/>\n<meta property=\"og:locale\" content=\"pt_BR\" \/>\n<meta property=\"og:type\" content=\"article\" \/>\n<meta property=\"og:title\" content=\"Metas - Jornada do Empreendedor\" \/>\n<meta property=\"og:url\" content=\"https:\/\/uolhost.uol.com.br\/blog\/metas\/\" \/>\n<meta property=\"article:modified_time\" content=\"2026-03-09T13:32:57+00:00\" \/>\n<meta name=\"twitter:card\" content=\"summary_large_image\" \/>\n<script type=\"application\/ld+json\" class=\"yoast-schema-graph\">{\"@context\":\"https:\/\/schema.org\",\"@graph\":[{\"@type\":\"Article\",\"@id\":\"https:\/\/uolhost.uol.com.br\/blog\/metas\/#article\",\"isPartOf\":{\"@id\":\"https:\/\/uolhost.uol.com.br\/blog\/metas\/\"},\"author\":{\"name\":\"webmaster\",\"@id\":\"https:\/\/uolhost.uol.com.br\/blog\/#\/schema\/person\/071882fc9b939c640412c24808872cad\"},\"headline\":\"Metas\",\"datePublished\":\"2025-06-06T18:56:34+00:00\",\"dateModified\":\"2026-03-09T13:32:57+00:00\",\"mainEntityOfPage\":{\"@id\":\"https:\/\/uolhost.uol.com.br\/blog\/metas\/\"},\"wordCount\":1,\"publisher\":{\"@id\":\"https:\/\/uolhost.uol.com.br\/blog\/#organization\"},\"inLanguage\":\"pt-BR\"},{\"@type\":\"WebPage\",\"@id\":\"https:\/\/uolhost.uol.com.br\/blog\/metas\/\",\"url\":\"https:\/\/uolhost.uol.com.br\/blog\/metas\/\",\"name\":\"Metas - Jornada do Empreendedor\",\"isPartOf\":{\"@id\":\"https:\/\/uolhost.uol.com.br\/blog\/#website\"},\"datePublished\":\"2025-06-06T18:56:34+00:00\",\"dateModified\":\"2026-03-09T13:32:57+00:00\",\"breadcrumb\":{\"@id\":\"https:\/\/uolhost.uol.com.br\/blog\/metas\/#breadcrumb\"},\"inLanguage\":\"pt-BR\",\"potentialAction\":[{\"@type\":\"ReadAction\",\"target\":[\"https:\/\/uolhost.uol.com.br\/blog\/metas\/\"]}]},{\"@type\":\"BreadcrumbList\",\"@id\":\"https:\/\/uolhost.uol.com.br\/blog\/metas\/#breadcrumb\",\"itemListElement\":[{\"@type\":\"ListItem\",\"position\":1,\"name\":\"In\u00edcio\",\"item\":\"https:\/\/uolhost.uol.com.br\/blog\/\"},{\"@type\":\"ListItem\",\"position\":2,\"name\":\"Metas\"}]},{\"@type\":\"WebSite\",\"@id\":\"https:\/\/uolhost.uol.com.br\/blog\/#website\",\"url\":\"https:\/\/uolhost.uol.com.br\/blog\/\",\"name\":\"Blog UOL Host\",\"description\":\"\",\"publisher\":{\"@id\":\"https:\/\/uolhost.uol.com.br\/blog\/#organization\"},\"potentialAction\":[{\"@type\":\"SearchAction\",\"target\":{\"@type\":\"EntryPoint\",\"urlTemplate\":\"https:\/\/uolhost.uol.com.br\/blog\/?s={search_term_string}\"},\"query-input\":{\"@type\":\"PropertyValueSpecification\",\"valueRequired\":true,\"valueName\":\"search_term_string\"}}],\"inLanguage\":\"pt-BR\"},{\"@type\":\"Organization\",\"@id\":\"https:\/\/uolhost.uol.com.br\/blog\/#organization\",\"name\":\"Blog UOL Host\",\"url\":\"https:\/\/uolhost.uol.com.br\/blog\/\",\"logo\":{\"@type\":\"ImageObject\",\"inLanguage\":\"pt-BR\",\"@id\":\"https:\/\/uolhost.uol.com.br\/blog\/#\/schema\/logo\/image\/\",\"url\":\"https:\/\/uolhost.uol.com.br\/blog\/wp-content\/uploads\/2025\/01\/UOL_Host.png?wsr\",\"contentUrl\":\"https:\/\/uolhost.uol.com.br\/blog\/wp-content\/uploads\/2025\/01\/UOL_Host.png?wsr\",\"width\":2000,\"height\":393,\"caption\":\"Blog UOL Host\"},\"image\":{\"@id\":\"https:\/\/uolhost.uol.com.br\/blog\/#\/schema\/logo\/image\/\"}},{\"@type\":\"Person\",\"@id\":\"https:\/\/uolhost.uol.com.br\/blog\/#\/schema\/person\/071882fc9b939c640412c24808872cad\",\"name\":\"webmaster\",\"image\":{\"@type\":\"ImageObject\",\"inLanguage\":\"pt-BR\",\"@id\":\"https:\/\/uolhost.uol.com.br\/blog\/#\/schema\/person\/image\/\",\"url\":\"https:\/\/secure.gravatar.com\/avatar\/52c1d8601ba35222163aca624dc86e5dacf5421f6ac5fd0d97f54193accad8ef?s=96&d=mm&r=g\",\"contentUrl\":\"https:\/\/secure.gravatar.com\/avatar\/52c1d8601ba35222163aca624dc86e5dacf5421f6ac5fd0d97f54193accad8ef?s=96&d=mm&r=g\",\"caption\":\"webmaster\"},\"sameAs\":[\"https:\/\/blog.uolhost.uol.com.br\"],\"url\":\"https:\/\/uolhost.uol.com.br\/blog\/author\/webmaster\/\"}]}<\/script>\n<!-- \/ Yoast SEO plugin. -->","yoast_head_json":{"title":"Metas - Jornada do Empreendedor","robots":{"index":"index","follow":"follow","max-snippet":"max-snippet:-1","max-image-preview":"max-image-preview:large","max-video-preview":"max-video-preview:-1"},"canonical":"https:\/\/uolhost.uol.com.br\/blog\/metas\/","og_locale":"pt_BR","og_type":"article","og_title":"Metas - Jornada do Empreendedor","og_url":"https:\/\/uolhost.uol.com.br\/blog\/metas\/","article_modified_time":"2026-03-09T13:32:57+00:00","twitter_card":"summary_large_image","schema":{"@context":"https:\/\/schema.org","@graph":[{"@type":"Article","@id":"https:\/\/uolhost.uol.com.br\/blog\/metas\/#article","isPartOf":{"@id":"https:\/\/uolhost.uol.com.br\/blog\/metas\/"},"author":{"name":"webmaster","@id":"https:\/\/uolhost.uol.com.br\/blog\/#\/schema\/person\/071882fc9b939c640412c24808872cad"},"headline":"Metas","datePublished":"2025-06-06T18:56:34+00:00","dateModified":"2026-03-09T13:32:57+00:00","mainEntityOfPage":{"@id":"https:\/\/uolhost.uol.com.br\/blog\/metas\/"},"wordCount":1,"publisher":{"@id":"https:\/\/uolhost.uol.com.br\/blog\/#organization"},"inLanguage":"pt-BR"},{"@type":"WebPage","@id":"https:\/\/uolhost.uol.com.br\/blog\/metas\/","url":"https:\/\/uolhost.uol.com.br\/blog\/metas\/","name":"Metas - Jornada do Empreendedor","isPartOf":{"@id":"https:\/\/uolhost.uol.com.br\/blog\/#website"},"datePublished":"2025-06-06T18:56:34+00:00","dateModified":"2026-03-09T13:32:57+00:00","breadcrumb":{"@id":"https:\/\/uolhost.uol.com.br\/blog\/metas\/#breadcrumb"},"inLanguage":"pt-BR","potentialAction":[{"@type":"ReadAction","target":["https:\/\/uolhost.uol.com.br\/blog\/metas\/"]}]},{"@type":"BreadcrumbList","@id":"https:\/\/uolhost.uol.com.br\/blog\/metas\/#breadcrumb","itemListElement":[{"@type":"ListItem","position":1,"name":"In\u00edcio","item":"https:\/\/uolhost.uol.com.br\/blog\/"},{"@type":"ListItem","position":2,"name":"Metas"}]},{"@type":"WebSite","@id":"https:\/\/uolhost.uol.com.br\/blog\/#website","url":"https:\/\/uolhost.uol.com.br\/blog\/","name":"Blog UOL Host","description":"","publisher":{"@id":"https:\/\/uolhost.uol.com.br\/blog\/#organization"},"potentialAction":[{"@type":"SearchAction","target":{"@type":"EntryPoint","urlTemplate":"https:\/\/uolhost.uol.com.br\/blog\/?s={search_term_string}"},"query-input":{"@type":"PropertyValueSpecification","valueRequired":true,"valueName":"search_term_string"}}],"inLanguage":"pt-BR"},{"@type":"Organization","@id":"https:\/\/uolhost.uol.com.br\/blog\/#organization","name":"Blog UOL Host","url":"https:\/\/uolhost.uol.com.br\/blog\/","logo":{"@type":"ImageObject","inLanguage":"pt-BR","@id":"https:\/\/uolhost.uol.com.br\/blog\/#\/schema\/logo\/image\/","url":"https:\/\/uolhost.uol.com.br\/blog\/wp-content\/uploads\/2025\/01\/UOL_Host.png?wsr","contentUrl":"https:\/\/uolhost.uol.com.br\/blog\/wp-content\/uploads\/2025\/01\/UOL_Host.png?wsr","width":2000,"height":393,"caption":"Blog UOL Host"},"image":{"@id":"https:\/\/uolhost.uol.com.br\/blog\/#\/schema\/logo\/image\/"}},{"@type":"Person","@id":"https:\/\/uolhost.uol.com.br\/blog\/#\/schema\/person\/071882fc9b939c640412c24808872cad","name":"webmaster","image":{"@type":"ImageObject","inLanguage":"pt-BR","@id":"https:\/\/uolhost.uol.com.br\/blog\/#\/schema\/person\/image\/","url":"https:\/\/secure.gravatar.com\/avatar\/52c1d8601ba35222163aca624dc86e5dacf5421f6ac5fd0d97f54193accad8ef?s=96&d=mm&r=g","contentUrl":"https:\/\/secure.gravatar.com\/avatar\/52c1d8601ba35222163aca624dc86e5dacf5421f6ac5fd0d97f54193accad8ef?s=96&d=mm&r=g","caption":"webmaster"},"sameAs":["https:\/\/blog.uolhost.uol.com.br"],"url":"https:\/\/uolhost.uol.com.br\/blog\/author\/webmaster\/"}]}},"_links":{"self":[{"href":"https:\/\/uolhost.uol.com.br\/blog\/wp-json\/wp\/v2\/pages\/18075","targetHints":{"allow":["GET"]}}],"collection":[{"href":"https:\/\/uolhost.uol.com.br\/blog\/wp-json\/wp\/v2\/pages"}],"about":[{"href":"https:\/\/uolhost.uol.com.br\/blog\/wp-json\/wp\/v2\/types\/page"}],"author":[{"embeddable":true,"href":"https:\/\/uolhost.uol.com.br\/blog\/wp-json\/wp\/v2\/users\/1"}],"replies":[{"embeddable":true,"href":"https:\/\/uolhost.uol.com.br\/blog\/wp-json\/wp\/v2\/comments?post=18075"}],"version-history":[{"count":14,"href":"https:\/\/uolhost.uol.com.br\/blog\/wp-json\/wp\/v2\/pages\/18075\/revisions"}],"predecessor-version":[{"id":20491,"href":"https:\/\/uolhost.uol.com.br\/blog\/wp-json\/wp\/v2\/pages\/18075\/revisions\/20491"}],"wp:attachment":[{"href":"https:\/\/uolhost.uol.com.br\/blog\/wp-json\/wp\/v2\/media?parent=18075"}],"curies":[{"name":"wp","href":"https:\/\/api.w.org\/{rel}","templated":true}]}}